{"id":70,"date":"2024-11-20T22:21:13","date_gmt":"2024-11-20T21:21:13","guid":{"rendered":"https:\/\/achim-fuerniss.de\/?page_id=70"},"modified":"2024-11-29T18:32:21","modified_gmt":"2024-11-29T17:32:21","slug":"das-bin-ich","status":"publish","type":"page","link":"https:\/\/achim-fuerniss.de\/index.php\/das-bin-ich\/","title":{"rendered":"Das bin ich"},"content":{"rendered":"\n<p class=\"wp-block-paragraph\">Du bist aber neugierig! Das Internet ist nicht der Ort, an dem man so viel \u00fcber sich selbst erz\u00e4hlen sollte. Daf\u00fcr gibt es viel zu viele neugiere Menschen, die gerne alles m\u00f6gliche \u00fcber dich wissen m\u00f6chten und alles verwenden, was du irgendwo im Netz hinterlassen hast.<\/p>\n\n\n\n<p class=\"wp-block-paragraph\">Soviel m\u00f6chte ich dir verraten: Ich bin 65 Jahre alt und lebe in Backnang (etwa 35 km nord\u00f6stlich von Stuttgart). Ich bin verwittwet und habe zwei gro\u00dfe T\u00f6chter. Seit 2009 unterrichte ich am Berufsschulzentrum in Backnang Evangelische Religion und Philosophie. Nebenberuflich betreibe ich eine kleine Agentur f\u00fcr Kommunikation f\u00fcr kirchliche Einrichtungen, Bildungseinrichtungen und kleinere Firmen.<\/p>\n\n\n\n<p class=\"wp-block-paragraph\">Religion, Musik, Fotografie und Internet, Kunst und Architektur geh\u00f6ren nicht nur beruflich sondern auch privat zu meinen Interessen. Ich reise gerne und f\u00fchle mich \u00fcberall in Europa zuhause. Politische Themen und der bedauernswerte Zustand unseres Planeten bek\u00fcmmern mich sehr. Mehr dar\u00fcber findest du ja auch hier auf meiner Webseite. Und wenn du mehr \u00fcber mich erfahren willst, dann schreibe mir.<\/p>\n\n\n\n<div class=\"wp-block-group alignfull\" style=\"margin-top:0;margin-bottom:0;padding-top:var(--wp--preset--spacing--50);padding-right:var(--wp--preset--spacing--50);padding-bottom:var(--wp--preset--spacing--50);padding-left:var(--wp--preset--spacing--50)\"><div class=\"wp-block-group__inner-container is-layout-constrained wp-container-core-group-is-layout-457e4fd1 wp-block-group-is-layout-constrained\">\n<div class=\"wp-block-columns alignwide is-layout-flex wp-container-core-columns-is-layout-b9724d6f wp-block-columns-is-layout-flex\" style=\"margin-top:0;margin-bottom:0\">\n<div class=\"wp-block-column is-layout-flow wp-block-column-is-layout-flow\">\n<figure class=\"wp-block-image size-full is-style-rounded\"><img loading=\"lazy\" decoding=\"async\" width=\"800\" height=\"600\" src=\"https:\/\/achim-fuerniss.de\/wp-content\/uploads\/2024\/11\/af_self.jpg\" alt=\"\" class=\"wp-image-33\" style=\"aspect-ratio:4\/3;object-fit:cover\" srcset=\"https:\/\/achim-fuerniss.de\/wp-content\/uploads\/2024\/11\/af_self.jpg 800w, https:\/\/achim-fuerniss.de\/wp-content\/uploads\/2024\/11\/af_self-300x225.jpg 300w, https:\/\/achim-fuerniss.de\/wp-content\/uploads\/2024\/11\/af_self-768x576.jpg 768w\" sizes=\"auto, (max-width: 767px) 89vw, (max-width: 1000px) 54vw, (max-width: 1071px) 543px, 580px\" \/><\/figure>\n\n\n\n<div style=\"height:var(--wp--preset--spacing--50)\" aria-hidden=\"true\" class=\"wp-block-spacer\"><\/div>\n\n\n\n\n\n<div style=\"height:var(--wp--preset--spacing--50)\" aria-hidden=\"true\" class=\"wp-block-spacer\"><\/div>\n\n\n<\/div>\n\n\n\n<div class=\"wp-block-column is-layout-flow wp-block-column-is-layout-flow\">\n<div style=\"height:var(--wp--preset--spacing--50)\" aria-hidden=\"true\" class=\"wp-block-spacer\"><\/div>\n\n\n\n\n\n<div style=\"height:var(--wp--preset--spacing--50)\" aria-hidden=\"true\" class=\"wp-block-spacer\"><\/div>\n\n\n\n\n\n<div style=\"height:var(--wp--preset--spacing--50)\" aria-hidden=\"true\" class=\"wp-block-spacer\"><\/div>\n\n\n<\/div>\n\n\n\n<div class=\"wp-block-column is-layout-flow wp-block-column-is-layout-flow\">\n\n\n<div style=\"height:var(--wp--preset--spacing--50)\" aria-hidden=\"true\" class=\"wp-block-spacer\"><\/div>\n\n\n\n\n\n<div style=\"height:var(--wp--preset--spacing--50)\" aria-hidden=\"true\" class=\"wp-block-spacer\"><\/div>\n\n\n<\/div>\n\n\n\n<div class=\"wp-block-column is-layout-flow wp-block-column-is-layout-flow\">\n<div style=\"height:var(--wp--preset--spacing--50)\" aria-hidden=\"true\" class=\"wp-block-spacer\"><\/div>\n\n\n\n\n\n<div style=\"height:var(--wp--preset--spacing--50)\" aria-hidden=\"true\" class=\"wp-block-spacer\"><\/div>\n\n\n\n\n\n<div style=\"height:var(--wp--preset--spacing--50)\" aria-hidden=\"true\" class=\"wp-block-spacer\"><\/div>\n\n\n<\/div>\n<\/div>\n<\/div><\/div>\n\n\n\n<p class=\"wp-block-paragraph\"><\/p>\n","protected":false},"excerpt":{"rendered":"<p>Du bist aber neugierig! Das Internet ist nicht der Ort, an dem man so viel \u00fcber sich selbst erz\u00e4hlen sollte. Daf\u00fcr gibt es viel zu viele neugiere Menschen, die gerne alles m\u00f6gliche \u00fcber dich wissen m\u00f6chten und alles verwenden, was du irgendwo im Netz hinterlassen hast. Soviel m\u00f6chte ich dir verraten: Ich bin 65 Jahre &hellip; <\/p>\n<p class=\"link-more\"><a href=\"https:\/\/achim-fuerniss.de\/index.php\/das-bin-ich\/\" class=\"more-link\"><span class=\"screen-reader-text\">\u201eDas bin ich\u201c<\/span> weiterlesen<\/a><\/p>\n","protected":false},"author":3,"featured_media":0,"parent":0,"menu_order":1,"comment_status":"closed","ping_status":"closed","template":"","meta":{"footnotes":""},"class_list":["post-70","page","type-page","status-publish","hentry"],"_links":{"self":[{"href":"https:\/\/achim-fuerniss.de\/index.php\/wp-json\/wp\/v2\/pages\/70","targetHints":{"allow":["GET"]}}],"collection":[{"href":"https:\/\/achim-fuerniss.de\/index.php\/wp-json\/wp\/v2\/pages"}],"about":[{"href":"https:\/\/achim-fuerniss.de\/index.php\/wp-json\/wp\/v2\/types\/page"}],"author":[{"embeddable":true,"href":"https:\/\/achim-fuerniss.de\/index.php\/wp-json\/wp\/v2\/users\/3"}],"replies":[{"embeddable":true,"href":"https:\/\/achim-fuerniss.de\/index.php\/wp-json\/wp\/v2\/comments?post=70"}],"version-history":[{"count":4,"href":"https:\/\/achim-fuerniss.de\/index.php\/wp-json\/wp\/v2\/pages\/70\/revisions"}],"predecessor-version":[{"id":140,"href":"https:\/\/achim-fuerniss.de\/index.php\/wp-json\/wp\/v2\/pages\/70\/revisions\/140"}],"wp:attachment":[{"href":"https:\/\/achim-fuerniss.de\/index.php\/wp-json\/wp\/v2\/media?parent=70"}],"curies":[{"name":"wp","href":"https:\/\/api.w.org\/{rel}","templated":true}]}}